{"id":132806,"date":"2026-03-11T19:31:49","date_gmt":"2026-03-11T18:31:49","guid":{"rendered":"https:\/\/styqr.fr\/os-nossos-folhetos-de-demonstracao-styqr\/o-teu-guia-de-boas-vindas-digital-em-sevilha\/"},"modified":"2026-03-11T19:33:13","modified_gmt":"2026-03-11T18:33:13","slug":"o-teu-guia-de-boas-vindas-digital-em-sevilha","status":"publish","type":"page","link":"https:\/\/styqr.fr\/pt-pt\/os-nossos-folhetos-de-demonstracao-styqr\/o-teu-guia-de-boas-vindas-digital-em-sevilha\/","title":{"rendered":"O teu guia de boas-vindas digital em Sevilha"},"content":{"rendered":"<div class=\"wpb-content-wrapper\"><p>[vc_row row_height_percent=&#8221;0&#8243; overlay_alpha=&#8221;50&#8243; gutter_size=&#8221;3&#8243; column_width_percent=&#8221;100&#8243; shift_y=&#8221;0&#8243; z_index=&#8221;0&#8243; uncode_shortcode_id=&#8221;194823&#8243;][vc_column column_width_percent=&#8221;100&#8243; gutter_size=&#8221;3&#8243; overlay_alpha=&#8221;50&#8243; shift_x=&#8221;0&#8243; shift_y=&#8221;0&#8243; shift_y_down=&#8221;0&#8243; z_index=&#8221;0&#8243; medium_width=&#8221;0&#8243; mobile_width=&#8221;0&#8243; width=&#8221;1\/1&#8243;][vc_row_inner row_inner_height_percent=&#8221;0&#8243; overlay_alpha=&#8221;50&#8243; gutter_size=&#8221;0&#8243; shift_y=&#8221;0&#8243; z_index=&#8221;0&#8243; uncode_shortcode_id=&#8221;515660&#8243;][vc_column_inner column_width_percent=&#8221;100&#8243; position_horizontal=&#8221;right&#8221; align_horizontal=&#8221;align_right&#8221; gutter_size=&#8221;3&#8243; overlay_alpha=&#8221;50&#8243; shift_x=&#8221;0&#8243; shift_y=&#8221;0&#8243; shift_y_down=&#8221;0&#8243; z_index=&#8221;0&#8243; align_medium=&#8221;align_left_tablet&#8221; medium_width=&#8221;0&#8243; align_mobile=&#8221;align_left_mobile&#8221; mobile_width=&#8221;0&#8243; width=&#8221;1\/6&#8243; uncode_shortcode_id=&#8221;387351&#8243; el_class=&#8221;bloc-left-crochet&#8221;][vc_single_image media=&#8221;96925&#8243; media_width_use_pixel=&#8221;yes&#8221; alignment=&#8221;right&#8221; uncode_shortcode_id=&#8221;508491&#8243; media_width_pixel=&#8221;25&#8243;][\/vc_column_inner][vc_column_inner column_width_percent=&#8221;100&#8243; align_horizontal=&#8221;align_center&#8221; gutter_size=&#8221;3&#8243; overlay_alpha=&#8221;50&#8243; shift_x=&#8221;0&#8243; shift_y=&#8221;0&#8243; shift_y_down=&#8221;0&#8243; z_index=&#8221;0&#8243; medium_width=&#8221;0&#8243; mobile_width=&#8221;0&#8243; width=&#8221;2\/3&#8243; uncode_shortcode_id=&#8221;108248&#8243;][vc_custom_heading heading_semantic=&#8221;h1&#8243; text_size=&#8221;fontsize-923733&#8243; uncode_shortcode_id=&#8221;115993&#8243;]O teu livro de boas-vindas digital<br \/>\n<span class=\"light\">em Sevilha<\/span>[\/vc_custom_heading][vc_button size=&#8221;link&#8221; btn_link_size=&#8221;fontsize-881439&#8243; btn_link_hover=&#8221;btn-hover-accent&#8221; btn_link_underline=&#8221;btn-underline&#8221; link=&#8221;url:%23livret-demo|&#8221; uncode_shortcode_id=&#8221;204927&#8243;]Testa o folheto de boas-vindas &#8211; Sevilha[\/vc_button][\/vc_column_inner][vc_column_inner column_width_percent=&#8221;100&#8243; position_horizontal=&#8221;left&#8221; position_vertical=&#8221;bottom&#8221; gutter_size=&#8221;3&#8243; overlay_alpha=&#8221;50&#8243; shift_x=&#8221;0&#8243; shift_y=&#8221;0&#8243; shift_y_down=&#8221;0&#8243; z_index=&#8221;0&#8243; align_medium=&#8221;align_right_tablet&#8221; medium_width=&#8221;0&#8243; align_mobile=&#8221;align_right_mobile&#8221; mobile_width=&#8221;0&#8243; width=&#8221;1\/6&#8243; uncode_shortcode_id=&#8221;594113&#8243; el_class=&#8221;bloc-right-crochet&#8221;][vc_single_image media=&#8221;96862&#8243; media_width_use_pixel=&#8221;yes&#8221; uncode_shortcode_id=&#8221;385801&#8243; media_width_pixel=&#8221;25&#8243;][\/vc_column_inner][\/vc_row_inner][\/vc_column][\/vc_row][vc_row row_height_percent=&#8221;0&#8243; override_padding=&#8221;yes&#8221; h_padding=&#8221;2&#8243; top_padding=&#8221;2&#8243; bottom_padding=&#8221;2&#8243; overlay_alpha=&#8221;50&#8243; gutter_size=&#8221;3&#8243; column_width_percent=&#8221;100&#8243; shift_y=&#8221;0&#8243; z_index=&#8221;0&#8243; content_parallax=&#8221;0&#8243; uncode_shortcode_id=&#8221;126186&#8243; row_name=&#8221;livret-demo&#8221;][vc_column column_width_percent=&#8221;100&#8243; align_horizontal=&#8221;align_center&#8221; gutter_size=&#8221;3&#8243; overlay_alpha=&#8221;50&#8243; shift_x=&#8221;0&#8243; shift_y=&#8221;0&#8243; shift_y_down=&#8221;0&#8243; z_index=&#8221;0&#8243; medium_width=&#8221;4&#8243; mobile_width=&#8221;0&#8243; width=&#8221;1\/2&#8243; uncode_shortcode_id=&#8221;188215&#8243;][vc_single_image media=&#8221;132493&#8243; media_width_percent=&#8221;75&#8243; media_ratio=&#8221;nine-sixteen&#8221; alignment=&#8221;right&#8221; shape=&#8221;img-round&#8221; radius=&#8221;std&#8221; uncode_shortcode_id=&#8221;103540&#8243;][\/vc_column][vc_column column_width_percent=&#8221;100&#8243; position_vertical=&#8221;middle&#8221; gutter_size=&#8221;3&#8243; overlay_alpha=&#8221;50&#8243; shift_x=&#8221;0&#8243; shift_y=&#8221;0&#8243; shift_y_down=&#8221;0&#8243; z_index=&#8221;0&#8243; align_medium=&#8221;align_center_tablet&#8221; medium_width=&#8221;4&#8243; align_mobile=&#8221;align_center_mobile&#8221; mobile_width=&#8221;0&#8243; width=&#8221;1\/2&#8243; uncode_shortcode_id=&#8221;182666&#8243;][vc_custom_heading text_size=&#8221;fontsize-923733&#8243; uncode_shortcode_id=&#8221;175238&#8243;]Testa o guia de boas-vindas StyQR<br \/>\n<span class=\"light\">para a cidade de Sevilha<\/span>[\/vc_custom_heading][vc_column_text uncode_shortcode_id=&#8221;208293&#8243;]Facilita o acolhimento dos teus viajantes com StyQR. A nossa solu\u00e7\u00e3o digital centraliza todas as informa\u00e7\u00f5es essenciais do teu alojamento num formato pr\u00e1tico e elegante, concebido para responder \u00e0s expectativas modernas dos teus h\u00f3spedes.[\/vc_column_text][vc_row_inner row_inner_height_percent=&#8221;0&#8243; overlay_alpha=&#8221;50&#8243; gutter_size=&#8221;0&#8243; shift_y=&#8221;0&#8243; z_index=&#8221;0&#8243; uncode_shortcode_id=&#8221;476828&#8243; el_class=&#8221;tester-moi&#8221;][vc_column_inner column_width_percent=&#8221;100&#8243; position_vertical=&#8221;middle&#8221; gutter_size=&#8221;0&#8243; override_padding=&#8221;yes&#8221; column_padding=&#8221;0&#8243; overlay_alpha=&#8221;50&#8243; shift_x=&#8221;0&#8243; shift_y=&#8221;0&#8243; shift_y_down=&#8221;0&#8243; z_index=&#8221;0&#8243; align_medium=&#8221;align_center_tablet&#8221; medium_width=&#8221;0&#8243; align_mobile=&#8221;align_center_mobile&#8221; mobile_width=&#8221;0&#8243; width=&#8221;1\/3&#8243; uncode_shortcode_id=&#8221;172670&#8243;][vc_column_text uncode_shortcode_id=&#8221;137874&#8243;]<a href=\"https:\/\/my.styqr.fr\/f8458030-f504-45c8-a3cd-14fb61914312\"><img decoding=\"async\" class=\"alignnone wp-image-132495\" src=\"https:\/\/styqr.fr\/wp-content\/uploads\/2026\/03\/f8458030-f504-45c8-a3cd-14fb61914312.svg\" alt=\"\" width=\"114\" height=\"114\"><\/a>[\/vc_column_text][vc_button button_color=&#8221;color-189884&#8243; size=&#8221;btn-sm&#8221; border_width=&#8221;0&#8243; link=&#8221;url:https%3A%2F%2Fmy.styqr.fr%2Ff8458030-f504-45c8-a3cd-14fb61914312|target:_blank|&#8221; button_color_type=&#8221;uncode-palette&#8221; uncode_shortcode_id=&#8221;507999&#8243;]Clica aqui![\/vc_button][\/vc_column_inner][vc_column_inner column_width_percent=&#8221;100&#8243; position_vertical=&#8221;middle&#8221; gutter_size=&#8221;0&#8243; override_padding=&#8221;yes&#8221; column_padding=&#8221;0&#8243; overlay_alpha=&#8221;50&#8243; shift_x=&#8221;0&#8243; shift_y=&#8221;0&#8243; shift_y_down=&#8221;0&#8243; z_index=&#8221;0&#8243; medium_width=&#8221;0&#8243; mobile_width=&#8221;0&#8243; width=&#8221;2\/3&#8243; uncode_shortcode_id=&#8221;998098&#8243;][vc_column_text uncode_shortcode_id=&#8221;319532&#8243;]Faz o <strong>scan do c\u00f3digo QR<\/strong> para veres um exemplo concreto da cidade de Sevilha e veres como o StyQR centraliza tudo o que os teus viajantes precisam para uma experi\u00eancia suave e personalizada.[\/vc_column_text][\/vc_column_inner][\/vc_row_inner][vc_column_text uncode_shortcode_id=&#8221;620927&#8243;]ou escolhe uma das seguintes op\u00e7\u00f5es :[\/vc_column_text][vc_row_inner row_inner_height_percent=&#8221;0&#8243; overlay_alpha=&#8221;50&#8243; gutter_size=&#8221;1&#8243; shift_y=&#8221;0&#8243; z_index=&#8221;0&#8243; uncode_shortcode_id=&#8221;748528&#8243;][vc_column_inner column_width_percent=&#8221;100&#8243; gutter_size=&#8221;3&#8243; overlay_alpha=&#8221;50&#8243; shift_x=&#8221;0&#8243; shift_y=&#8221;0&#8243; shift_y_down=&#8221;0&#8243; z_index=&#8221;0&#8243; align_medium=&#8221;align_center_tablet&#8221; medium_width=&#8221;0&#8243; align_mobile=&#8221;align_center_mobile&#8221; mobile_width=&#8221;0&#8243; width=&#8221;1\/1&#8243; uncode_shortcode_id=&#8221;157119&#8243;][vc_button button_color=&#8221;color-189884&#8243; size=&#8221;btn-lg&#8221; border_width=&#8221;0&#8243; display=&#8221;inline&#8221; link=&#8221;url:https%3A%2F%2Fapp.styqr.fr|&#8221; uncode_shortcode_id=&#8221;160591&#8243; button_color_type=&#8221;uncode-palette&#8221; el_class=&#8221;button-header&#8221;]Cria o teu folheto[\/vc_button][vc_button button_color=&#8221;color-189884&#8243; size=&#8221;btn-lg&#8221; outline=&#8221;yes&#8221; border_width=&#8221;0&#8243; display=&#8221;inline&#8221; link=&#8221;url:https%3A%2F%2Fstyqr.fr%2Fnos-tarifs%2F|title:As%20nossas%20tarifas|&#8221; uncode_shortcode_id=&#8221;723295&#8243; button_color_type=&#8221;uncode-palette&#8221; el_class=&#8221;button-header&#8221;]Marca uma demonstra\u00e7\u00e3o[\/vc_button][\/vc_column_inner][\/vc_row_inner][\/vc_column][\/vc_row][vc_row row_height_percent=&#8221;0&#8243; override_padding=&#8221;yes&#8221; h_padding=&#8221;2&#8243; top_padding=&#8221;3&#8243; bottom_padding=&#8221;2&#8243; back_color=&#8221;color-765104&#8243; overlay_alpha=&#8221;50&#8243; gutter_size=&#8221;3&#8243; column_width_percent=&#8221;100&#8243; shift_y=&#8221;0&#8243; z_index=&#8221;0&#8243; enable_top_divider=&#8221;default&#8221; shape_top_h_use_pixel=&#8221;&#8221; shape_top_height=&#8221;75&#8243; shape_top_opacity=&#8221;100&#8243; shape_top_index=&#8221;0&#8243; content_parallax=&#8221;0&#8243; uncode_shortcode_id=&#8221;196908&#8243; back_color_type=&#8221;uncode-palette&#8221;][vc_column width=&#8221;1\/1&#8243;][vc_empty_space empty_h=&#8221;2&#8243;][vc_row_inner][vc_column_inner column_width_percent=&#8221;100&#8243; align_horizontal=&#8221;align_center&#8221; gutter_size=&#8221;2&#8243; overlay_alpha=&#8221;50&#8243; shift_x=&#8221;0&#8243; shift_y=&#8221;0&#8243; shift_y_down=&#8221;0&#8243; z_index=&#8221;0&#8243; medium_width=&#8221;0&#8243; mobile_width=&#8221;0&#8243; width=&#8221;1\/2&#8243; uncode_shortcode_id=&#8221;130284&#8243;][vc_single_image media=&#8221;132501&#8243; media_width_use_pixel=&#8221;yes&#8221; media_ratio=&#8221;three-two&#8221; alignment=&#8221;center&#8221; shape=&#8221;img-round&#8221; radius=&#8221;std&#8221; uncode_shortcode_id=&#8221;877811&#8243; media_width_pixel=&#8221;560&#8243;][\/vc_column_inner][vc_column_inner column_width_percent=&#8221;100&#8243; gutter_size=&#8221;3&#8243; overlay_alpha=&#8221;50&#8243; shift_x=&#8221;0&#8243; shift_y=&#8221;0&#8243; shift_y_down=&#8221;0&#8243; z_index=&#8221;0&#8243; medium_width=&#8221;0&#8243; mobile_width=&#8221;0&#8243; width=&#8221;1\/2&#8243; uncode_shortcode_id=&#8221;103357&#8243;][vc_empty_space empty_h=&#8221;1&#8243;][vc_custom_heading text_size=&#8221;fontsize-923733&#8243; uncode_shortcode_id=&#8221;105975&#8243;]Bem-vindo a Sevilha,<br \/>\n<span class=\"light\">capital da Andaluzia<\/span>[\/vc_custom_heading][vc_column_text uncode_shortcode_id=&#8221;275319&#8243;]<strong data-start=\"63\" data-end=\"74\">Sevilha <\/strong>\u00e9 uma das cidades mais emblem\u00e1ticas de Espanha. Conhecida pelo seu patrim\u00f3nio excecional, atmosfera calorosa e tradi\u00e7\u00f5es profundamente enraizadas, Sevilha cativa os visitantes com a sua mistura \u00fanica de hist\u00f3ria, arquitetura e cultura. Com os seus pal\u00e1cios mouros, ruas animadas e pra\u00e7as ensolaradas, a cidade oferece uma experi\u00eancia aut\u00eantica no cora\u00e7\u00e3o do sul de Espanha.[\/vc_column_text][\/vc_column_inner][\/vc_row_inner][\/vc_column][\/vc_row][vc_row row_height_percent=&#8221;0&#8243; override_padding=&#8221;yes&#8221; h_padding=&#8221;2&#8243; top_padding=&#8221;5&#8243; bottom_padding=&#8221;2&#8243; back_color=&#8221;color-765104&#8243; overlay_alpha=&#8221;50&#8243; gutter_size=&#8221;3&#8243; column_width_percent=&#8221;100&#8243; shift_y=&#8221;0&#8243; z_index=&#8221;0&#8243; content_parallax=&#8221;0&#8243; uncode_shortcode_id=&#8221;127975&#8243; back_color_type=&#8221;uncode-palette&#8221;][vc_column width=&#8221;1\/1&#8243;][vc_row_inner][vc_column_inner column_width_use_pixel=&#8221;yes&#8221; position_vertical=&#8221;middle&#8221; gutter_size=&#8221;3&#8243; overlay_alpha=&#8221;50&#8243; shift_x=&#8221;0&#8243; shift_y=&#8221;0&#8243; shift_y_down=&#8221;0&#8243; z_index=&#8221;0&#8243; medium_width=&#8221;0&#8243; mobile_width=&#8221;0&#8243; width=&#8221;1\/2&#8243; uncode_shortcode_id=&#8221;201050&#8243; column_width_pixel=&#8221;500&#8243;][vc_custom_heading text_size=&#8221;fontsize-923733&#8243; uncode_shortcode_id=&#8221;308792&#8243;]Uma cidade andaluza<br \/>\n<span class=\"light\">cheia de car\u00e1cter<\/span>[\/vc_custom_heading][vc_column_text uncode_shortcode_id=&#8221;470629&#8243;]Situada nas margens do rio Guadalquivir, <strong>Sevilha<\/strong> \u00e9 um destino onde as influ\u00eancias \u00e1rabes, crist\u00e3s e espanholas se encontram. A cidade tem uma forte identidade, moldada por s\u00e9culos de hist\u00f3ria e uma cultura vibrante de m\u00fasica, dan\u00e7a e gastronomia. Atualmente, <strong>Sevilha<\/strong> \u00e9 uma cidade din\u00e2mica que mant\u00e9m o seu encanto tradicional, ao mesmo tempo que oferece uma atmosfera moderna e acolhedora.[\/vc_column_text][\/vc_column_inner][vc_column_inner column_width_percent=&#8221;100&#8243; position_vertical=&#8221;middle&#8221; align_horizontal=&#8221;align_center&#8221; gutter_size=&#8221;2&#8243; overlay_alpha=&#8221;50&#8243; shift_x=&#8221;0&#8243; shift_y=&#8221;0&#8243; shift_y_down=&#8221;0&#8243; z_index=&#8221;0&#8243; medium_width=&#8221;0&#8243; mobile_width=&#8221;0&#8243; width=&#8221;1\/2&#8243; uncode_shortcode_id=&#8221;145351&#8243;][vc_empty_space empty_h=&#8221;1&#8243;][vc_single_image media=&#8221;132570&#8243; media_width_percent=&#8221;100&#8243; media_ratio=&#8221;three-two&#8221; shape=&#8221;img-round&#8221; uncode_shortcode_id=&#8221;215567&#8243;][\/vc_column_inner][\/vc_row_inner][\/vc_column][\/vc_row][vc_row row_height_percent=&#8221;0&#8243; override_padding=&#8221;yes&#8221; h_padding=&#8221;2&#8243; top_padding=&#8221;3&#8243; bottom_padding=&#8221;2&#8243; back_color=&#8221;color-765104&#8243; overlay_alpha=&#8221;50&#8243; gutter_size=&#8221;3&#8243; column_width_percent=&#8221;100&#8243; shift_y=&#8221;0&#8243; z_index=&#8221;0&#8243; uncode_shortcode_id=&#8221;966948&#8243; back_color_type=&#8221;uncode-palette&#8221;][vc_column width=&#8221;1\/1&#8243;][vc_row_inner row_inner_height_percent=&#8221;0&#8243; overlay_alpha=&#8221;50&#8243; gutter_size=&#8221;3&#8243; shift_y=&#8221;0&#8243; z_index=&#8221;0&#8243; inverted_device_order=&#8221;yes&#8221; uncode_shortcode_id=&#8221;121368&#8243;][vc_column_inner column_width_percent=&#8221;100&#8243; position_vertical=&#8221;middle&#8221; align_horizontal=&#8221;align_center&#8221; gutter_size=&#8221;2&#8243; overlay_alpha=&#8221;50&#8243; shift_x=&#8221;0&#8243; shift_y=&#8221;0&#8243; shift_y_down=&#8221;0&#8243; z_index=&#8221;0&#8243; medium_width=&#8221;0&#8243; mobile_width=&#8221;0&#8243; width=&#8221;1\/2&#8243; uncode_shortcode_id=&#8221;145351&#8243;][vc_gallery el_id=&#8221;gallery-155147&#8243; type=&#8221;carousel&#8221; medias=&#8221;132769,132773,132777&#8243; carousel_lg=&#8221;1&#8243; carousel_md=&#8221;1&#8243; carousel_sm=&#8221;1&#8243; thumb_size=&#8221;three-two&#8221; gutter_size=&#8221;3&#8243; carousel_interval=&#8221;3000&#8243; carousel_navspeed=&#8221;400&#8243; carousel_loop=&#8221;yes&#8221; carousel_dots=&#8221;yes&#8221; stage_padding=&#8221;0&#8243; single_shape=&#8221;round&#8221; radius=&#8221;std&#8221; single_overlay_opacity=&#8221;50&#8243; single_padding=&#8221;2&#8243; uncode_shortcode_id=&#8221;112572&#8243;][\/vc_column_inner][vc_column_inner column_width_use_pixel=&#8221;yes&#8221; position_vertical=&#8221;middle&#8221; gutter_size=&#8221;3&#8243; overlay_alpha=&#8221;50&#8243; shift_x=&#8221;0&#8243; shift_y=&#8221;0&#8243; shift_y_down=&#8221;0&#8243; z_index=&#8221;0&#8243; medium_width=&#8221;0&#8243; mobile_width=&#8221;0&#8243; width=&#8221;1\/2&#8243; uncode_shortcode_id=&#8221;172483&#8243; column_width_pixel=&#8221;490&#8243;][vc_custom_heading text_size=&#8221;fontsize-923733&#8243; uncode_shortcode_id=&#8221;537056&#8243;]Locais de visita obrigat\u00f3ria<br \/>\nem Sevilha[\/vc_custom_heading][vc_column_text uncode_shortcode_id=&#8221;534332&#8243;]<\/p>\n<p data-start=\"1547\" data-end=\"2157\"><strong data-start=\"1596\" data-end=\"1621\">A Catedral de Sevilha<\/strong> \u00e9 um dos tesouros arquitect\u00f3nicos mais impressionantes da cidade. Constru\u00edda no local de uma antiga mesquita, \u00e9 agora a maior catedral g\u00f3tica do mundo e alberga a famosa torre <strong data-start=\"1828\" data-end=\"1842\">Giralda<\/strong>, um antigo minarete que se tornou o s\u00edmbolo da cidade. A poucos passos de dist\u00e2ncia encontra-se o <strong data-start=\"1915\" data-end=\"1931\">Real Alc\u00e1zar<\/strong>, um espetacular pal\u00e1cio real com uma mistura de influ\u00eancias \u00e1rabes, mud\u00e9jares e crist\u00e3s.  <\/p>\n<p data-start=\"2159\" data-end=\"2728\">Quando passeias pela cidade, tamb\u00e9m \u00e9 imposs\u00edvel n\u00e3o ver a <strong data-start=\"2232\" data-end=\"2251\">Plaza de Espa\u00f1a<\/strong>, uma vasta pra\u00e7a monumental constru\u00edda para a Exposi\u00e7\u00e3o Ibero-Americana de 1929. N\u00e3o muito longe dali, o <strong data-start=\"2486\" data-end=\"2512\">bairro de Santa Cruz<\/strong> revela um labirinto de ruas estreitas, p\u00e1tios floridos e pequenas pra\u00e7as encantadoras. Este bairro hist\u00f3rico, outrora judaico, \u00e9 atualmente um dos locais mais pitorescos da cidade.  <\/p>\n<p data-start=\"2730\" data-end=\"3023\">Para um toque mais contempor\u00e2neo, o <strong data-start=\"2769\" data-end=\"2789\">Metropol Parasol<\/strong>, tamb\u00e9m conhecido como &#8220;Las Setas&#8221;, oferece um contraste espetacular com a arquitetura tradicional.<\/p>\n<p>[\/vc_column_text][\/vc_column_inner][\/vc_row_inner][\/vc_column][\/vc_row][vc_row row_height_percent=&#8221;0&#8243; override_padding=&#8221;yes&#8221; h_padding=&#8221;2&#8243; top_padding=&#8221;4&#8243; bottom_padding=&#8221;2&#8243; back_color=&#8221;color-765104&#8243; overlay_alpha=&#8221;50&#8243; gutter_size=&#8221;3&#8243; column_width_percent=&#8221;100&#8243; shift_y=&#8221;0&#8243; z_index=&#8221;0&#8243; uncode_shortcode_id=&#8221;193229&#8243; back_color_type=&#8221;uncode-palette&#8221;][vc_column width=&#8221;1\/1&#8243;][vc_row_inner][vc_column_inner column_width_use_pixel=&#8221;yes&#8221; position_vertical=&#8221;middle&#8221; gutter_size=&#8221;3&#8243; overlay_alpha=&#8221;50&#8243; shift_x=&#8221;0&#8243; shift_y=&#8221;0&#8243; shift_y_down=&#8221;0&#8243; z_index=&#8221;0&#8243; medium_width=&#8221;0&#8243; mobile_width=&#8221;0&#8243; width=&#8221;1\/2&#8243; uncode_shortcode_id=&#8221;172483&#8243; column_width_pixel=&#8221;490&#8243;][vc_custom_heading text_size=&#8221;fontsize-923733&#8243; uncode_shortcode_id=&#8221;209849&#8243;]Cultura<br \/>\ne tradi\u00e7\u00f5es[\/vc_custom_heading][vc_column_text uncode_shortcode_id=&#8221;493590&#8243;]<\/p>\n<p data-start=\"3059\" data-end=\"3427\"><strong>Sevilha<\/strong> \u00e9 mundialmente famosa pelas suas tradi\u00e7\u00f5es culturais e festivas. A cidade \u00e9 considerada o ber\u00e7o do <strong data-start=\"3180\" data-end=\"3192\">flamenco<\/strong>, uma arte musical e de dan\u00e7a profundamente ligada \u00e0 identidade andaluza. Os espect\u00e1culos de flamenco, muitas vezes realizados em tablaos ou locais hist\u00f3ricos, permitem-te descobrir toda a intensidade e emo\u00e7\u00e3o desta tradi\u00e7\u00e3o.  <\/p>\n<p data-start=\"3429\" data-end=\"3762\">Dois grandes eventos pontuam a vida da cidade todos os anos: <strong data-start=\"3496\" data-end=\"3515\">a Semana Santa<\/strong>, uma espetacular celebra\u00e7\u00e3o religiosa em que imponentes prociss\u00f5es serpenteiam pelas ruas da cidade, e <strong data-start=\"3618\" data-end=\"3639\">a Feria de abril<\/strong>, uma colorida festa popular em que a m\u00fasica, a dan\u00e7a e os trajes tradicionais animam Sevilha durante v\u00e1rios dias.<\/p>\n<p>[\/vc_column_text][\/vc_column_inner][vc_column_inner column_width_percent=&#8221;100&#8243; position_vertical=&#8221;middle&#8221; align_horizontal=&#8221;align_center&#8221; gutter_size=&#8221;2&#8243; overlay_alpha=&#8221;50&#8243; shift_x=&#8221;0&#8243; shift_y=&#8221;0&#8243; shift_y_down=&#8221;0&#8243; z_index=&#8221;0&#8243; medium_width=&#8221;0&#8243; mobile_width=&#8221;0&#8243; width=&#8221;1\/2&#8243; uncode_shortcode_id=&#8221;145351&#8243;][vc_single_image media=&#8221;132787&#8243; media_width_use_pixel=&#8221;yes&#8221; media_ratio=&#8221;three-two&#8221; shape=&#8221;img-round&#8221; radius=&#8221;std&#8221; media_width_pixel=&#8221;568&#8243; uncode_shortcode_id=&#8221;210382&#8243;][\/vc_column_inner][\/vc_row_inner][\/vc_column][\/vc_row][vc_row row_height_percent=&#8221;0&#8243; override_padding=&#8221;yes&#8221; h_padding=&#8221;2&#8243; top_padding=&#8221;4&#8243; bottom_padding=&#8221;2&#8243; back_color=&#8221;color-765104&#8243; overlay_alpha=&#8221;50&#8243; gutter_size=&#8221;3&#8243; column_width_percent=&#8221;100&#8243; shift_y=&#8221;0&#8243; z_index=&#8221;0&#8243; uncode_shortcode_id=&#8221;193229&#8243; back_color_type=&#8221;uncode-palette&#8221;][vc_column width=&#8221;1\/1&#8243;][vc_row_inner][vc_column_inner column_width_use_pixel=&#8221;yes&#8221; position_vertical=&#8221;middle&#8221; gutter_size=&#8221;3&#8243; overlay_alpha=&#8221;50&#8243; shift_x=&#8221;0&#8243; shift_y=&#8221;0&#8243; shift_y_down=&#8221;0&#8243; z_index=&#8221;0&#8243; medium_width=&#8221;0&#8243; mobile_width=&#8221;0&#8243; width=&#8221;1\/2&#8243; uncode_shortcode_id=&#8221;172483&#8243; column_width_pixel=&#8221;490&#8243;][vc_gallery el_id=&#8221;gallery-626521&#8243; type=&#8221;carousel&#8221; medias=&#8221;132791,132796,132800&#8243; carousel_lg=&#8221;1&#8243; carousel_md=&#8221;1&#8243; carousel_sm=&#8221;1&#8243; thumb_size=&#8221;three-two&#8221; gutter_size=&#8221;3&#8243; carousel_interval=&#8221;3000&#8243; carousel_navspeed=&#8221;400&#8243; carousel_loop=&#8221;yes&#8221; carousel_dots=&#8221;yes&#8221; stage_padding=&#8221;0&#8243; single_shape=&#8221;round&#8221; radius=&#8221;std&#8221; single_overlay_opacity=&#8221;50&#8243; single_padding=&#8221;2&#8243; uncode_shortcode_id=&#8221;126383&#8243;][\/vc_column_inner][vc_column_inner column_width_percent=&#8221;100&#8243; position_vertical=&#8221;middle&#8221; align_horizontal=&#8221;align_center&#8221; gutter_size=&#8221;2&#8243; overlay_alpha=&#8221;50&#8243; shift_x=&#8221;0&#8243; shift_y=&#8221;0&#8243; shift_y_down=&#8221;0&#8243; z_index=&#8221;0&#8243; medium_width=&#8221;0&#8243; mobile_width=&#8221;0&#8243; width=&#8221;1\/2&#8243; uncode_shortcode_id=&#8221;145351&#8243;][vc_custom_heading text_size=&#8221;fontsize-923733&#8243; uncode_shortcode_id=&#8221;336656&#8243;]Gastronomia<br \/>\nSevilha[\/vc_custom_heading][vc_column_text uncode_shortcode_id=&#8221;432165&#8243;]A cozinha sevilhana reflecte a riqueza culin\u00e1ria da Andaluzia. As especialidades populares incluem <strong data-start=\"4089\" data-end=\"4106\">o jam\u00f3n ib\u00e9rico<\/strong>, <strong data-start=\"4111\" data-end=\"4123\">o gaspacho<\/strong>, <strong data-start=\"4129\" data-end=\"4142\">as croquetas<\/strong> e o marisco fresco. Os mercados e os bairros animados de Sevilha s\u00e3o tamb\u00e9m locais perfeitos para descobrires a atmosfera amig\u00e1vel da gastronomia espanhola.[\/vc_column_text][\/vc_column_inner][\/vc_row_inner][\/vc_column][\/vc_row][vc_row row_height_percent=&#8221;0&#8243; override_padding=&#8221;yes&#8221; h_padding=&#8221;2&#8243; top_padding=&#8221;3&#8243; bottom_padding=&#8221;4&#8243; overlay_alpha=&#8221;50&#8243; gutter_size=&#8221;3&#8243; column_width_percent=&#8221;100&#8243; shift_y=&#8221;0&#8243; z_index=&#8221;0&#8243; content_parallax=&#8221;0&#8243; uncode_shortcode_id=&#8221;101385&#8243;][vc_column width=&#8221;1\/1&#8243;][vc_row_inner row_inner_height_percent=&#8221;0&#8243; overlay_alpha=&#8221;50&#8243; gutter_size=&#8221;3&#8243; shift_y=&#8221;0&#8243; z_index=&#8221;0&#8243; inverted_device_order=&#8221;yes&#8221; uncode_shortcode_id=&#8221;124863&#8243;][vc_column_inner column_width_percent=&#8221;100&#8243; position_vertical=&#8221;middle&#8221; align_horizontal=&#8221;align_center&#8221; gutter_size=&#8221;2&#8243; overlay_alpha=&#8221;50&#8243; shift_x=&#8221;0&#8243; shift_y=&#8221;0&#8243; shift_y_down=&#8221;0&#8243; z_index=&#8221;0&#8243; medium_width=&#8221;0&#8243; mobile_width=&#8221;0&#8243; width=&#8221;1\/2&#8243; uncode_shortcode_id=&#8221;145351&#8243;][vc_column_text uncode_shortcode_id=&#8221;100529&#8243;]Este artigo sobre a Andaluzia termina aqui. H\u00e1 tanto para descobrir, por isso parte \u00e0 descoberta, e n\u00e3o te esque\u00e7as de atualizar a tua caderneta \ud83d\ude09[\/vc_column_text][\/vc_column_inner][vc_column_inner column_width_use_pixel=&#8221;yes&#8221; position_vertical=&#8221;middle&#8221; gutter_size=&#8221;3&#8243; overlay_alpha=&#8221;50&#8243; shift_x=&#8221;0&#8243; shift_y=&#8221;0&#8243; shift_y_down=&#8221;0&#8243; z_index=&#8221;0&#8243; medium_width=&#8221;0&#8243; mobile_width=&#8221;0&#8243; width=&#8221;1\/2&#8243; uncode_shortcode_id=&#8221;172483&#8243; column_width_pixel=&#8221;490&#8243;][vc_single_image media=&#8221;132369&#8243; media_width_use_pixel=&#8221;yes&#8221; media_ratio=&#8221;three-two&#8221; shape=&#8221;img-round&#8221; radius=&#8221;std&#8221; media_width_pixel=&#8221;568&#8243; uncode_shortcode_id=&#8221;178622&#8243;][\/vc_column_inner][\/vc_row_inner][vc_empty_space empty_h=&#8221;2&#8243;][\/vc_column][\/vc_row]<\/p>\n<\/div>","protected":false},"excerpt":{"rendered":"<p>Sydney<\/p>\n","protected":false},"author":3,"featured_media":132493,"parent":102956,"menu_order":0,"comment_status":"closed","ping_status":"closed","template":"","meta":{"footnotes":""},"class_list":["post-132806","page","type-page","status-publish","has-post-thumbnail","hentry","page_category-brochura-de-demonstracao","page_category-espanha"],"yoast_head":"<!-- This site is optimized with the Yoast SEO Premium plugin v27.4 (Yoast SEO v27.4) - https:\/\/yoast.com\/product\/yoast-seo-premium-wordpress\/ -->\n<title>O teu guia de boas-vindas digital em Sevilha<\/title>\n<meta name=\"description\" content=\"Explora Sevilha com o nosso folheto interativo. Descobre os locais de visita obrigat\u00f3ria da cidade e planeia j\u00e1 a tua viagem.\" \/>\n<meta name=\"robots\" content=\"index, follow, max-snippet:-1, max-image-preview:large, max-video-preview:-1\" \/>\n<link rel=\"canonical\" href=\"https:\/\/styqr.fr\/pt-pt\/os-nossos-folhetos-de-demonstracao-styqr\/o-teu-guia-de-boas-vindas-digital-em-sevilha\/\" \/>\n<meta property=\"og:locale\" content=\"pt_PT\" \/>\n<meta property=\"og:type\" content=\"article\" \/>\n<meta property=\"og:title\" content=\"StyQR | Le livret d&#039;accueil digital\" \/>\n<meta property=\"og:description\" content=\"Explora Sevilha com o nosso folheto interativo. Descobre os locais de visita obrigat\u00f3ria da cidade e planeia j\u00e1 a tua viagem.\" \/>\n<meta property=\"og:url\" content=\"https:\/\/styqr.fr\/pt-pt\/os-nossos-folhetos-de-demonstracao-styqr\/o-teu-guia-de-boas-vindas-digital-em-sevilha\/\" \/>\n<meta property=\"og:site_name\" content=\"StyQR\" \/>\n<meta property=\"article:publisher\" content=\"https:\/\/fr-fr.facebook.com\/styqr\/\" \/>\n<meta property=\"article:modified_time\" content=\"2026-03-11T18:33:13+00:00\" \/>\n<meta property=\"og:image\" content=\"https:\/\/styqr.fr\/wp-content\/uploads\/2026\/03\/Seville1.png\" \/>\n\t<meta property=\"og:image:width\" content=\"940\" \/>\n\t<meta property=\"og:image:height\" content=\"1610\" \/>\n\t<meta property=\"og:image:type\" content=\"image\/png\" \/>\n<meta name=\"twitter:card\" content=\"summary_large_image\" \/>\n<script type=\"application\/ld+json\" class=\"yoast-schema-graph\">{\"@context\":\"https:\\\/\\\/schema.org\",\"@graph\":[{\"@type\":\"WebPage\",\"@id\":\"https:\\\/\\\/styqr.fr\\\/pt-pt\\\/os-nossos-folhetos-de-demonstracao-styqr\\\/o-teu-guia-de-boas-vindas-digital-em-sevilha\\\/\",\"url\":\"https:\\\/\\\/styqr.fr\\\/pt-pt\\\/os-nossos-folhetos-de-demonstracao-styqr\\\/o-teu-guia-de-boas-vindas-digital-em-sevilha\\\/\",\"name\":\"O teu guia de boas-vindas digital em Sevilha\",\"isPartOf\":{\"@id\":\"https:\\\/\\\/styqr.fr\\\/pt-pt\\\/#website\"},\"primaryImageOfPage\":{\"@id\":\"https:\\\/\\\/styqr.fr\\\/pt-pt\\\/os-nossos-folhetos-de-demonstracao-styqr\\\/o-teu-guia-de-boas-vindas-digital-em-sevilha\\\/#primaryimage\"},\"image\":{\"@id\":\"https:\\\/\\\/styqr.fr\\\/pt-pt\\\/os-nossos-folhetos-de-demonstracao-styqr\\\/o-teu-guia-de-boas-vindas-digital-em-sevilha\\\/#primaryimage\"},\"thumbnailUrl\":\"https:\\\/\\\/styqr.fr\\\/wp-content\\\/uploads\\\/2026\\\/03\\\/Seville1.png\",\"datePublished\":\"2026-03-11T18:31:49+00:00\",\"dateModified\":\"2026-03-11T18:33:13+00:00\",\"description\":\"Explora Sevilha com o nosso folheto interativo. Descobre os locais de visita obrigat\u00f3ria da cidade e planeia j\u00e1 a tua viagem.\",\"breadcrumb\":{\"@id\":\"https:\\\/\\\/styqr.fr\\\/pt-pt\\\/os-nossos-folhetos-de-demonstracao-styqr\\\/o-teu-guia-de-boas-vindas-digital-em-sevilha\\\/#breadcrumb\"},\"inLanguage\":\"pt-PT\",\"potentialAction\":[{\"@type\":\"ReadAction\",\"target\":[\"https:\\\/\\\/styqr.fr\\\/pt-pt\\\/os-nossos-folhetos-de-demonstracao-styqr\\\/o-teu-guia-de-boas-vindas-digital-em-sevilha\\\/\"]}]},{\"@type\":\"ImageObject\",\"inLanguage\":\"pt-PT\",\"@id\":\"https:\\\/\\\/styqr.fr\\\/pt-pt\\\/os-nossos-folhetos-de-demonstracao-styqr\\\/o-teu-guia-de-boas-vindas-digital-em-sevilha\\\/#primaryimage\",\"url\":\"https:\\\/\\\/styqr.fr\\\/wp-content\\\/uploads\\\/2026\\\/03\\\/Seville1.png\",\"contentUrl\":\"https:\\\/\\\/styqr.fr\\\/wp-content\\\/uploads\\\/2026\\\/03\\\/Seville1.png\",\"width\":940,\"height\":1610},{\"@type\":\"BreadcrumbList\",\"@id\":\"https:\\\/\\\/styqr.fr\\\/pt-pt\\\/os-nossos-folhetos-de-demonstracao-styqr\\\/o-teu-guia-de-boas-vindas-digital-em-sevilha\\\/#breadcrumb\",\"itemListElement\":[{\"@type\":\"ListItem\",\"position\":1,\"name\":\"Casa\",\"item\":\"https:\\\/\\\/styqr.fr\\\/pt-pt\\\/\"},{\"@type\":\"ListItem\",\"position\":2,\"name\":\"Os nossos folhetos de demonstra\u00e7\u00e3o StyQR\",\"item\":\"https:\\\/\\\/styqr.fr\\\/pt-pt\\\/os-nossos-folhetos-de-demonstracao-styqr\\\/\"},{\"@type\":\"ListItem\",\"position\":3,\"name\":\"O teu guia de boas-vindas digital em Sevilha\"}]},{\"@type\":\"WebSite\",\"@id\":\"https:\\\/\\\/styqr.fr\\\/pt-pt\\\/#website\",\"url\":\"https:\\\/\\\/styqr.fr\\\/pt-pt\\\/\",\"name\":\"StyQR\",\"description\":\"Cr\u00e9ez votre livret d&#039;accueil digital personnalis\u00e9 pour vos voyageurs\",\"publisher\":{\"@id\":\"https:\\\/\\\/styqr.fr\\\/pt-pt\\\/#organization\"},\"potentialAction\":[{\"@type\":\"SearchAction\",\"target\":{\"@type\":\"EntryPoint\",\"urlTemplate\":\"https:\\\/\\\/styqr.fr\\\/pt-pt\\\/?s={search_term_string}\"},\"query-input\":{\"@type\":\"PropertyValueSpecification\",\"valueRequired\":true,\"valueName\":\"search_term_string\"}}],\"inLanguage\":\"pt-PT\"},{\"@type\":\"Organization\",\"@id\":\"https:\\\/\\\/styqr.fr\\\/pt-pt\\\/#organization\",\"name\":\"StyQR\",\"url\":\"https:\\\/\\\/styqr.fr\\\/pt-pt\\\/\",\"logo\":{\"@type\":\"ImageObject\",\"inLanguage\":\"pt-PT\",\"@id\":\"https:\\\/\\\/styqr.fr\\\/pt-pt\\\/#\\\/schema\\\/logo\\\/image\\\/\",\"url\":\"https:\\\/\\\/styqr.fr\\\/wp-content\\\/uploads\\\/2020\\\/11\\\/Fichier-5.png\",\"contentUrl\":\"https:\\\/\\\/styqr.fr\\\/wp-content\\\/uploads\\\/2020\\\/11\\\/Fichier-5.png\",\"width\":388,\"height\":194,\"caption\":\"StyQR\"},\"image\":{\"@id\":\"https:\\\/\\\/styqr.fr\\\/pt-pt\\\/#\\\/schema\\\/logo\\\/image\\\/\"},\"sameAs\":[\"https:\\\/\\\/fr-fr.facebook.com\\\/styqr\\\/\",\"https:\\\/\\\/www.instagram.com\\\/styqr_fr\\\/\",\"https:\\\/\\\/fr.linkedin.com\\\/company\\\/styqr\"],\"description\":\"StyQR, le livret d'accueil digital\",\"email\":\"contact@styqr.fr\",\"legalName\":\"SAS StyQR\",\"foundingDate\":\"2019-05-27\",\"vatID\":\"FR55824532865\",\"taxID\":\"82453286500014\",\"numberOfEmployees\":{\"@type\":\"QuantitativeValue\",\"minValue\":\"1\",\"maxValue\":\"10\"}}]}<\/script>\n<!-- \/ Yoast SEO Premium plugin. -->","yoast_head_json":{"title":"O teu guia de boas-vindas digital em Sevilha","description":"Explora Sevilha com o nosso folheto interativo. Descobre os locais de visita obrigat\u00f3ria da cidade e planeia j\u00e1 a tua viagem.","robots":{"index":"index","follow":"follow","max-snippet":"max-snippet:-1","max-image-preview":"max-image-preview:large","max-video-preview":"max-video-preview:-1"},"canonical":"https:\/\/styqr.fr\/pt-pt\/os-nossos-folhetos-de-demonstracao-styqr\/o-teu-guia-de-boas-vindas-digital-em-sevilha\/","og_locale":"pt_PT","og_type":"article","og_title":"StyQR | Le livret d'accueil digital","og_description":"Explora Sevilha com o nosso folheto interativo. Descobre os locais de visita obrigat\u00f3ria da cidade e planeia j\u00e1 a tua viagem.","og_url":"https:\/\/styqr.fr\/pt-pt\/os-nossos-folhetos-de-demonstracao-styqr\/o-teu-guia-de-boas-vindas-digital-em-sevilha\/","og_site_name":"StyQR","article_publisher":"https:\/\/fr-fr.facebook.com\/styqr\/","article_modified_time":"2026-03-11T18:33:13+00:00","og_image":[{"width":940,"height":1610,"url":"https:\/\/styqr.fr\/wp-content\/uploads\/2026\/03\/Seville1.png","type":"image\/png"}],"twitter_card":"summary_large_image","schema":{"@context":"https:\/\/schema.org","@graph":[{"@type":"WebPage","@id":"https:\/\/styqr.fr\/pt-pt\/os-nossos-folhetos-de-demonstracao-styqr\/o-teu-guia-de-boas-vindas-digital-em-sevilha\/","url":"https:\/\/styqr.fr\/pt-pt\/os-nossos-folhetos-de-demonstracao-styqr\/o-teu-guia-de-boas-vindas-digital-em-sevilha\/","name":"O teu guia de boas-vindas digital em Sevilha","isPartOf":{"@id":"https:\/\/styqr.fr\/pt-pt\/#website"},"primaryImageOfPage":{"@id":"https:\/\/styqr.fr\/pt-pt\/os-nossos-folhetos-de-demonstracao-styqr\/o-teu-guia-de-boas-vindas-digital-em-sevilha\/#primaryimage"},"image":{"@id":"https:\/\/styqr.fr\/pt-pt\/os-nossos-folhetos-de-demonstracao-styqr\/o-teu-guia-de-boas-vindas-digital-em-sevilha\/#primaryimage"},"thumbnailUrl":"https:\/\/styqr.fr\/wp-content\/uploads\/2026\/03\/Seville1.png","datePublished":"2026-03-11T18:31:49+00:00","dateModified":"2026-03-11T18:33:13+00:00","description":"Explora Sevilha com o nosso folheto interativo. Descobre os locais de visita obrigat\u00f3ria da cidade e planeia j\u00e1 a tua viagem.","breadcrumb":{"@id":"https:\/\/styqr.fr\/pt-pt\/os-nossos-folhetos-de-demonstracao-styqr\/o-teu-guia-de-boas-vindas-digital-em-sevilha\/#breadcrumb"},"inLanguage":"pt-PT","potentialAction":[{"@type":"ReadAction","target":["https:\/\/styqr.fr\/pt-pt\/os-nossos-folhetos-de-demonstracao-styqr\/o-teu-guia-de-boas-vindas-digital-em-sevilha\/"]}]},{"@type":"ImageObject","inLanguage":"pt-PT","@id":"https:\/\/styqr.fr\/pt-pt\/os-nossos-folhetos-de-demonstracao-styqr\/o-teu-guia-de-boas-vindas-digital-em-sevilha\/#primaryimage","url":"https:\/\/styqr.fr\/wp-content\/uploads\/2026\/03\/Seville1.png","contentUrl":"https:\/\/styqr.fr\/wp-content\/uploads\/2026\/03\/Seville1.png","width":940,"height":1610},{"@type":"BreadcrumbList","@id":"https:\/\/styqr.fr\/pt-pt\/os-nossos-folhetos-de-demonstracao-styqr\/o-teu-guia-de-boas-vindas-digital-em-sevilha\/#breadcrumb","itemListElement":[{"@type":"ListItem","position":1,"name":"Casa","item":"https:\/\/styqr.fr\/pt-pt\/"},{"@type":"ListItem","position":2,"name":"Os nossos folhetos de demonstra\u00e7\u00e3o StyQR","item":"https:\/\/styqr.fr\/pt-pt\/os-nossos-folhetos-de-demonstracao-styqr\/"},{"@type":"ListItem","position":3,"name":"O teu guia de boas-vindas digital em Sevilha"}]},{"@type":"WebSite","@id":"https:\/\/styqr.fr\/pt-pt\/#website","url":"https:\/\/styqr.fr\/pt-pt\/","name":"StyQR","description":"Cr\u00e9ez votre livret d&#039;accueil digital personnalis\u00e9 pour vos voyageurs","publisher":{"@id":"https:\/\/styqr.fr\/pt-pt\/#organization"},"potentialAction":[{"@type":"SearchAction","target":{"@type":"EntryPoint","urlTemplate":"https:\/\/styqr.fr\/pt-pt\/?s={search_term_string}"},"query-input":{"@type":"PropertyValueSpecification","valueRequired":true,"valueName":"search_term_string"}}],"inLanguage":"pt-PT"},{"@type":"Organization","@id":"https:\/\/styqr.fr\/pt-pt\/#organization","name":"StyQR","url":"https:\/\/styqr.fr\/pt-pt\/","logo":{"@type":"ImageObject","inLanguage":"pt-PT","@id":"https:\/\/styqr.fr\/pt-pt\/#\/schema\/logo\/image\/","url":"https:\/\/styqr.fr\/wp-content\/uploads\/2020\/11\/Fichier-5.png","contentUrl":"https:\/\/styqr.fr\/wp-content\/uploads\/2020\/11\/Fichier-5.png","width":388,"height":194,"caption":"StyQR"},"image":{"@id":"https:\/\/styqr.fr\/pt-pt\/#\/schema\/logo\/image\/"},"sameAs":["https:\/\/fr-fr.facebook.com\/styqr\/","https:\/\/www.instagram.com\/styqr_fr\/","https:\/\/fr.linkedin.com\/company\/styqr"],"description":"StyQR, le livret d'accueil digital","email":"contact@styqr.fr","legalName":"SAS StyQR","foundingDate":"2019-05-27","vatID":"FR55824532865","taxID":"82453286500014","numberOfEmployees":{"@type":"QuantitativeValue","minValue":"1","maxValue":"10"}}]}},"_links":{"self":[{"href":"https:\/\/styqr.fr\/pt-pt\/wp-json\/wp\/v2\/pages\/132806","targetHints":{"allow":["GET"]}}],"collection":[{"href":"https:\/\/styqr.fr\/pt-pt\/wp-json\/wp\/v2\/pages"}],"about":[{"href":"https:\/\/styqr.fr\/pt-pt\/wp-json\/wp\/v2\/types\/page"}],"author":[{"embeddable":true,"href":"https:\/\/styqr.fr\/pt-pt\/wp-json\/wp\/v2\/users\/3"}],"replies":[{"embeddable":true,"href":"https:\/\/styqr.fr\/pt-pt\/wp-json\/wp\/v2\/comments?post=132806"}],"version-history":[{"count":0,"href":"https:\/\/styqr.fr\/pt-pt\/wp-json\/wp\/v2\/pages\/132806\/revisions"}],"up":[{"embeddable":true,"href":"https:\/\/styqr.fr\/pt-pt\/wp-json\/wp\/v2\/pages\/102956"}],"wp:featuredmedia":[{"embeddable":true,"href":"https:\/\/styqr.fr\/pt-pt\/wp-json\/wp\/v2\/media\/132493"}],"wp:attachment":[{"href":"https:\/\/styqr.fr\/pt-pt\/wp-json\/wp\/v2\/media?parent=132806"}],"curies":[{"name":"wp","href":"https:\/\/api.w.org\/{rel}","templated":true}]}}