{"id":117720,"date":"2024-12-10T13:31:20","date_gmt":"2024-12-10T12:31:20","guid":{"rendered":"https:\/\/styqr.fr\/foire-aux-questions\/es-posible-cambiar-el-aspecto-de-los-pictogramas-o-el-orden-de-los-modulos\/"},"modified":"2025-02-03T18:08:59","modified_gmt":"2025-02-03T17:08:59","slug":"es-posible-cambiar-el-aspecto-de-los-pictogramas-o-el-orden-de-los-modulos","status":"publish","type":"portfolio","link":"https:\/\/styqr.fr\/es\/foire-aux-questions\/es-posible-cambiar-el-aspecto-de-los-pictogramas-o-el-orden-de-los-modulos\/","title":{"rendered":"\u00bfEs posible cambiar el aspecto de los pictogramas o el orden de los m\u00f3dulos?"},"content":{"rendered":"<p>StyQR ofrece funciones para organizar tus m\u00f3dulos, pero la personalizaci\u00f3n de pictogramas a\u00fan no est\u00e1 disponible. Esto es lo que es posible: <\/p>\n<hr>\n<h4><strong>1. Cambiar el orden de los m\u00f3dulos<\/strong><\/h4>\n<ul>\n<li>Puedes reorganizar los m\u00f3dulos de tu folleto para destacar la informaci\u00f3n m\u00e1s importante para tus viajeros.<\/li>\n<li><strong>C\u00f3mo hacerlo<\/strong>:\n<ul>\n<li>Con\u00e9ctate a tu espacio StyQR.<\/li>\n<li>Ve a la secci\u00f3n de m\u00f3dulos.<\/li>\n<li>Arrastra los m\u00f3dulos para recolocarlos en el orden deseado.<\/li>\n<li>Cualquier cambio se registra inmediatamente y se refleja en el folleto.<\/li>\n<\/ul>\n<\/li>\n<\/ul>\n<hr>\n<h4><strong>2. Pictogramas personalizados<\/strong><\/h4>\n<ul>\n<li><strong>Actualmente<\/strong>: Los pictogramas de los m\u00f3dulos est\u00e1n predefinidos y no se pueden modificar. Cada m\u00f3dulo tiene un icono est\u00e1ndar dise\u00f1ado para que tus viajeros lo entiendan universalmente. <\/li>\n<li><strong>Pr\u00f3ximamente<\/strong>: Una futura actualizaci\u00f3n podr\u00eda incluir la posibilidad de personalizar los pictogramas para reflejar mejor la identidad visual de tu folleto.<\/li>\n<\/ul>\n<hr>\n<h4><strong>3. Adaptaci\u00f3n de las categor\u00edas en los m\u00f3dulos<\/strong><\/h4>\n<ul>\n<li>Aunque los pictogramas no se pueden modificar, puedes personalizar las <strong>categor\u00edas<\/strong> dentro de los m\u00f3dulos:\n<ul>\n<li>A\u00f1ade categor\u00edas espec\u00edficas para organizar tu informaci\u00f3n.<\/li>\n<li>Reorganiza o elimina categor\u00edas para optimizar la navegaci\u00f3n.<\/li>\n<\/ul>\n<\/li>\n<\/ul>\n<hr>\n<h3>Resumen<\/h3>\n<ul>\n<li><strong>Cambiar el orden de los m\u00f3dulos<\/strong>: S\u00ed, directamente desde tu espacio StyQR.<\/li>\n<li><strong>Pictogramas personalizables<\/strong>: A\u00fan no est\u00e1n disponibles, pero est\u00e1n previstos para futuras versiones.<\/li>\n<li>Si necesitas ayuda o tienes alguna sugerencia, no dudes en ponerte en contacto con el servicio de asistencia de StyQR.<\/li>\n<\/ul>\n","protected":false},"excerpt":{"rendered":"<p>StyQR ofrece funciones para organizar tus m\u00f3dulos, pero la personalizaci\u00f3n de pictogramas a\u00fan no est\u00e1 disponible. Esto es lo que [&hellip;]<\/p>\n","protected":false},"author":1,"featured_media":0,"parent":0,"menu_order":0,"comment_status":"open","ping_status":"open","template":"","meta":{"footnotes":""},"portfolio_category":[1910],"class_list":["post-117720","portfolio","type-portfolio","status-publish","hentry","portfolio_category-caracteristicas-y-uso"],"yoast_head":"<!-- This site is optimized with the Yoast SEO Premium plugin v27.4 (Yoast SEO v27.4) - https:\/\/yoast.com\/product\/yoast-seo-premium-wordpress\/ -->\n<title>Personaliza tus pictogramas y m\u00f3dulos StyQR para una experiencia \u00fanica.<\/title>\n<meta name=\"description\" content=\"D\u00e9couvrez comment changer l&#039;aspect et l&#039;ordre des pictogrammes dans votre folleto StyQR pour une personnalisation optimale. Boostez votre cr\u00e9ativit\u00e9 d\u00e8s maintenant !\" \/>\n<meta name=\"robots\" content=\"index, follow, max-snippet:-1, max-image-preview:large, max-video-preview:-1\" \/>\n<link rel=\"canonical\" href=\"https:\/\/styqr.fr\/es\/foire-aux-questions\/es-posible-cambiar-el-aspecto-de-los-pictogramas-o-el-orden-de-los-modulos\/\" \/>\n<meta property=\"og:locale\" content=\"es_ES\" \/>\n<meta property=\"og:type\" content=\"article\" \/>\n<meta property=\"og:title\" content=\"\u00bfEs posible cambiar el aspecto de los pictogramas o el orden de los m\u00f3dulos?\" \/>\n<meta property=\"og:description\" content=\"D\u00e9couvrez comment changer l&#039;aspect et l&#039;ordre des pictogrammes dans votre folleto StyQR pour une personnalisation optimale. Boostez votre cr\u00e9ativit\u00e9 d\u00e8s maintenant !\" \/>\n<meta property=\"og:url\" content=\"https:\/\/styqr.fr\/es\/foire-aux-questions\/es-posible-cambiar-el-aspecto-de-los-pictogramas-o-el-orden-de-los-modulos\/\" \/>\n<meta property=\"og:site_name\" content=\"StyQR\" \/>\n<meta property=\"article:publisher\" content=\"https:\/\/fr-fr.facebook.com\/styqr\/\" \/>\n<meta property=\"article:modified_time\" content=\"2025-02-03T17:08:59+00:00\" \/>\n<meta name=\"twitter:card\" content=\"summary_large_image\" \/>\n<script type=\"application\/ld+json\" class=\"yoast-schema-graph\">{\"@context\":\"https:\\\/\\\/schema.org\",\"@graph\":[{\"@type\":\"WebPage\",\"@id\":\"https:\\\/\\\/styqr.fr\\\/es\\\/foire-aux-questions\\\/es-posible-cambiar-el-aspecto-de-los-pictogramas-o-el-orden-de-los-modulos\\\/\",\"url\":\"https:\\\/\\\/styqr.fr\\\/es\\\/foire-aux-questions\\\/es-posible-cambiar-el-aspecto-de-los-pictogramas-o-el-orden-de-los-modulos\\\/\",\"name\":\"Personaliza tus pictogramas y m\u00f3dulos StyQR para una experiencia \u00fanica.\",\"isPartOf\":{\"@id\":\"https:\\\/\\\/styqr.fr\\\/es\\\/#website\"},\"datePublished\":\"2024-12-10T12:31:20+00:00\",\"dateModified\":\"2025-02-03T17:08:59+00:00\",\"description\":\"D\u00e9couvrez comment changer l'aspect et l'ordre des pictogrammes dans votre folleto StyQR pour une personnalisation optimale. Boostez votre cr\u00e9ativit\u00e9 d\u00e8s maintenant !\",\"breadcrumb\":{\"@id\":\"https:\\\/\\\/styqr.fr\\\/es\\\/foire-aux-questions\\\/es-posible-cambiar-el-aspecto-de-los-pictogramas-o-el-orden-de-los-modulos\\\/#breadcrumb\"},\"inLanguage\":\"es\",\"potentialAction\":[{\"@type\":\"ReadAction\",\"target\":[\"https:\\\/\\\/styqr.fr\\\/es\\\/foire-aux-questions\\\/es-posible-cambiar-el-aspecto-de-los-pictogramas-o-el-orden-de-los-modulos\\\/\"]}]},{\"@type\":\"BreadcrumbList\",\"@id\":\"https:\\\/\\\/styqr.fr\\\/es\\\/foire-aux-questions\\\/es-posible-cambiar-el-aspecto-de-los-pictogramas-o-el-orden-de-los-modulos\\\/#breadcrumb\",\"itemListElement\":[{\"@type\":\"ListItem\",\"position\":1,\"name\":\"Inicio\",\"item\":\"https:\\\/\\\/styqr.fr\\\/es\\\/\"},{\"@type\":\"ListItem\",\"position\":2,\"name\":\"Foire aux questions\",\"item\":\"https:\\\/\\\/styqr.fr\\\/es\\\/foire-aux-questions\\\/\"},{\"@type\":\"ListItem\",\"position\":3,\"name\":\"Caracter\u00edsticas y uso\",\"item\":\"https:\\\/\\\/styqr.fr\\\/es\\\/faq-cat\\\/caracteristicas-y-uso\\\/\"},{\"@type\":\"ListItem\",\"position\":4,\"name\":\"\u00bfEs posible cambiar el aspecto de los pictogramas o el orden de los m\u00f3dulos?\"}]},{\"@type\":\"WebSite\",\"@id\":\"https:\\\/\\\/styqr.fr\\\/es\\\/#website\",\"url\":\"https:\\\/\\\/styqr.fr\\\/es\\\/\",\"name\":\"StyQR\",\"description\":\"Cr\u00e9ez votre livret d&#039;accueil digital personnalis\u00e9 pour vos voyageurs\",\"publisher\":{\"@id\":\"https:\\\/\\\/styqr.fr\\\/es\\\/#organization\"},\"potentialAction\":[{\"@type\":\"SearchAction\",\"target\":{\"@type\":\"EntryPoint\",\"urlTemplate\":\"https:\\\/\\\/styqr.fr\\\/es\\\/?s={search_term_string}\"},\"query-input\":{\"@type\":\"PropertyValueSpecification\",\"valueRequired\":true,\"valueName\":\"search_term_string\"}}],\"inLanguage\":\"es\"},{\"@type\":\"Organization\",\"@id\":\"https:\\\/\\\/styqr.fr\\\/es\\\/#organization\",\"name\":\"StyQR\",\"url\":\"https:\\\/\\\/styqr.fr\\\/es\\\/\",\"logo\":{\"@type\":\"ImageObject\",\"inLanguage\":\"es\",\"@id\":\"https:\\\/\\\/styqr.fr\\\/es\\\/#\\\/schema\\\/logo\\\/image\\\/\",\"url\":\"https:\\\/\\\/styqr.fr\\\/wp-content\\\/uploads\\\/2020\\\/11\\\/Fichier-5.png\",\"contentUrl\":\"https:\\\/\\\/styqr.fr\\\/wp-content\\\/uploads\\\/2020\\\/11\\\/Fichier-5.png\",\"width\":388,\"height\":194,\"caption\":\"StyQR\"},\"image\":{\"@id\":\"https:\\\/\\\/styqr.fr\\\/es\\\/#\\\/schema\\\/logo\\\/image\\\/\"},\"sameAs\":[\"https:\\\/\\\/fr-fr.facebook.com\\\/styqr\\\/\",\"https:\\\/\\\/www.instagram.com\\\/styqr_fr\\\/\",\"https:\\\/\\\/fr.linkedin.com\\\/company\\\/styqr\"],\"description\":\"StyQR, le livret d'accueil digital\",\"email\":\"contact@styqr.fr\",\"legalName\":\"SAS StyQR\",\"foundingDate\":\"2019-05-27\",\"vatID\":\"FR55824532865\",\"taxID\":\"82453286500014\",\"numberOfEmployees\":{\"@type\":\"QuantitativeValue\",\"minValue\":\"1\",\"maxValue\":\"10\"}}]}<\/script>\n<!-- \/ Yoast SEO Premium plugin. -->","yoast_head_json":{"title":"Personaliza tus pictogramas y m\u00f3dulos StyQR para una experiencia \u00fanica.","description":"D\u00e9couvrez comment changer l'aspect et l'ordre des pictogrammes dans votre folleto StyQR pour une personnalisation optimale. Boostez votre cr\u00e9ativit\u00e9 d\u00e8s maintenant !","robots":{"index":"index","follow":"follow","max-snippet":"max-snippet:-1","max-image-preview":"max-image-preview:large","max-video-preview":"max-video-preview:-1"},"canonical":"https:\/\/styqr.fr\/es\/foire-aux-questions\/es-posible-cambiar-el-aspecto-de-los-pictogramas-o-el-orden-de-los-modulos\/","og_locale":"es_ES","og_type":"article","og_title":"\u00bfEs posible cambiar el aspecto de los pictogramas o el orden de los m\u00f3dulos?","og_description":"D\u00e9couvrez comment changer l'aspect et l'ordre des pictogrammes dans votre folleto StyQR pour une personnalisation optimale. Boostez votre cr\u00e9ativit\u00e9 d\u00e8s maintenant !","og_url":"https:\/\/styqr.fr\/es\/foire-aux-questions\/es-posible-cambiar-el-aspecto-de-los-pictogramas-o-el-orden-de-los-modulos\/","og_site_name":"StyQR","article_publisher":"https:\/\/fr-fr.facebook.com\/styqr\/","article_modified_time":"2025-02-03T17:08:59+00:00","twitter_card":"summary_large_image","schema":{"@context":"https:\/\/schema.org","@graph":[{"@type":"WebPage","@id":"https:\/\/styqr.fr\/es\/foire-aux-questions\/es-posible-cambiar-el-aspecto-de-los-pictogramas-o-el-orden-de-los-modulos\/","url":"https:\/\/styqr.fr\/es\/foire-aux-questions\/es-posible-cambiar-el-aspecto-de-los-pictogramas-o-el-orden-de-los-modulos\/","name":"Personaliza tus pictogramas y m\u00f3dulos StyQR para una experiencia \u00fanica.","isPartOf":{"@id":"https:\/\/styqr.fr\/es\/#website"},"datePublished":"2024-12-10T12:31:20+00:00","dateModified":"2025-02-03T17:08:59+00:00","description":"D\u00e9couvrez comment changer l'aspect et l'ordre des pictogrammes dans votre folleto StyQR pour une personnalisation optimale. Boostez votre cr\u00e9ativit\u00e9 d\u00e8s maintenant !","breadcrumb":{"@id":"https:\/\/styqr.fr\/es\/foire-aux-questions\/es-posible-cambiar-el-aspecto-de-los-pictogramas-o-el-orden-de-los-modulos\/#breadcrumb"},"inLanguage":"es","potentialAction":[{"@type":"ReadAction","target":["https:\/\/styqr.fr\/es\/foire-aux-questions\/es-posible-cambiar-el-aspecto-de-los-pictogramas-o-el-orden-de-los-modulos\/"]}]},{"@type":"BreadcrumbList","@id":"https:\/\/styqr.fr\/es\/foire-aux-questions\/es-posible-cambiar-el-aspecto-de-los-pictogramas-o-el-orden-de-los-modulos\/#breadcrumb","itemListElement":[{"@type":"ListItem","position":1,"name":"Inicio","item":"https:\/\/styqr.fr\/es\/"},{"@type":"ListItem","position":2,"name":"Foire aux questions","item":"https:\/\/styqr.fr\/es\/foire-aux-questions\/"},{"@type":"ListItem","position":3,"name":"Caracter\u00edsticas y uso","item":"https:\/\/styqr.fr\/es\/faq-cat\/caracteristicas-y-uso\/"},{"@type":"ListItem","position":4,"name":"\u00bfEs posible cambiar el aspecto de los pictogramas o el orden de los m\u00f3dulos?"}]},{"@type":"WebSite","@id":"https:\/\/styqr.fr\/es\/#website","url":"https:\/\/styqr.fr\/es\/","name":"StyQR","description":"Cr\u00e9ez votre livret d&#039;accueil digital personnalis\u00e9 pour vos voyageurs","publisher":{"@id":"https:\/\/styqr.fr\/es\/#organization"},"potentialAction":[{"@type":"SearchAction","target":{"@type":"EntryPoint","urlTemplate":"https:\/\/styqr.fr\/es\/?s={search_term_string}"},"query-input":{"@type":"PropertyValueSpecification","valueRequired":true,"valueName":"search_term_string"}}],"inLanguage":"es"},{"@type":"Organization","@id":"https:\/\/styqr.fr\/es\/#organization","name":"StyQR","url":"https:\/\/styqr.fr\/es\/","logo":{"@type":"ImageObject","inLanguage":"es","@id":"https:\/\/styqr.fr\/es\/#\/schema\/logo\/image\/","url":"https:\/\/styqr.fr\/wp-content\/uploads\/2020\/11\/Fichier-5.png","contentUrl":"https:\/\/styqr.fr\/wp-content\/uploads\/2020\/11\/Fichier-5.png","width":388,"height":194,"caption":"StyQR"},"image":{"@id":"https:\/\/styqr.fr\/es\/#\/schema\/logo\/image\/"},"sameAs":["https:\/\/fr-fr.facebook.com\/styqr\/","https:\/\/www.instagram.com\/styqr_fr\/","https:\/\/fr.linkedin.com\/company\/styqr"],"description":"StyQR, le livret d'accueil digital","email":"contact@styqr.fr","legalName":"SAS StyQR","foundingDate":"2019-05-27","vatID":"FR55824532865","taxID":"82453286500014","numberOfEmployees":{"@type":"QuantitativeValue","minValue":"1","maxValue":"10"}}]}},"_links":{"self":[{"href":"https:\/\/styqr.fr\/es\/wp-json\/wp\/v2\/portfolio\/117720","targetHints":{"allow":["GET"]}}],"collection":[{"href":"https:\/\/styqr.fr\/es\/wp-json\/wp\/v2\/portfolio"}],"about":[{"href":"https:\/\/styqr.fr\/es\/wp-json\/wp\/v2\/types\/portfolio"}],"author":[{"embeddable":true,"href":"https:\/\/styqr.fr\/es\/wp-json\/wp\/v2\/users\/1"}],"replies":[{"embeddable":true,"href":"https:\/\/styqr.fr\/es\/wp-json\/wp\/v2\/comments?post=117720"}],"version-history":[{"count":0,"href":"https:\/\/styqr.fr\/es\/wp-json\/wp\/v2\/portfolio\/117720\/revisions"}],"wp:attachment":[{"href":"https:\/\/styqr.fr\/es\/wp-json\/wp\/v2\/media?parent=117720"}],"wp:term":[{"taxonomy":"portfolio_category","embeddable":true,"href":"https:\/\/styqr.fr\/es\/wp-json\/wp\/v2\/portfolio_category?post=117720"}],"curies":[{"name":"wp","href":"https:\/\/api.w.org\/{rel}","templated":true}]}}